{"id":768,"date":"2023-04-26T18:13:01","date_gmt":"2023-04-26T22:13:01","guid":{"rendered":"https:\/\/cdrhpnq.firmecreative.com\/?page_id=768"},"modified":"2023-06-06T15:49:00","modified_gmt":"2023-06-06T19:49:00","slug":"salon-mamu-2023","status":"publish","type":"page","link":"https:\/\/cdrhpnq-fnhrdcq.ca\/en\/salon-mamu-2023\/","title":{"rendered":"Salon Mamu! 2023"},"content":{"rendered":"\n<div class=\"wp-block-columns is-layout-flex wp-container-core-columns-is-layout-9d6595d7 wp-block-columns-is-layout-flex\">\n<div class=\"wp-block-column is-layout-flow wp-block-column-is-layout-flow\"><div class=\"wp-block-image\">\n<figure class=\"aligncenter size-large\"><img loading=\"lazy\" decoding=\"async\" width=\"1024\" height=\"531\" src=\"https:\/\/cdrhpnq-fnhrdcq.ca\/wp-content\/uploads\/2023\/05\/affiche-b-2-1024x531.png\" alt=\"\" class=\"wp-image-980\" srcset=\"https:\/\/cdrhpnq-fnhrdcq.ca\/wp-content\/uploads\/2023\/05\/affiche-b-2-1024x531.png 1024w, https:\/\/cdrhpnq-fnhrdcq.ca\/wp-content\/uploads\/2023\/05\/affiche-b-2-300x156.png 300w, https:\/\/cdrhpnq-fnhrdcq.ca\/wp-content\/uploads\/2023\/05\/affiche-b-2-768x398.png 768w, https:\/\/cdrhpnq-fnhrdcq.ca\/wp-content\/uploads\/2023\/05\/affiche-b-2-1536x796.png 1536w, https:\/\/cdrhpnq-fnhrdcq.ca\/wp-content\/uploads\/2023\/05\/affiche-b-2.png 1620w\" sizes=\"auto, (max-width: 1024px) 100vw, 1024px\" \/><\/figure><\/div><\/div>\n<\/div>\n\n\n\n<div class=\"wp-block-buttons is-layout-flex wp-block-buttons-is-layout-flex\">\n<div class=\"wp-block-button has-custom-width wp-block-button__width-100 has-custom-font-size is-style-fill animated bounceIn delay-200ms slow has-x-large-font-size\" style=\"font-style:normal;font-weight:700;text-decoration:underline\"><a class=\"wp-block-button__link has-background wp-element-button\" href=\"https:\/\/salonmamu.com\/pre-registration\" style=\"border-radius:0px;background:linear-gradient(180deg,rgb(168,0,0) 0%,rgba(255,0,0,0.53) 100%)\" target=\"_blank\" rel=\"noreferrer noopener\">PRE-REGISTRATION REQUIRED (VIRTUAL EDITION)\u00a0<\/a><\/div>\n<\/div>\n\n\n\n<p class=\"has-text-align-center has-medium-font-size\">The <strong>Salon Mamu! 2023<\/strong> is an annual event that aims to foster opportunities and collaborations between Indigenous communities, businesses, and educational institutions.<\/p>\n\n\n\n<p class=\"has-text-align-center has-medium-font-size\">With both virtual and in-person editions, at&nbsp;<strong>Palais des Congr\u00e8s de Montr\u00e9al 159, rue Saint-Antoine Ouest, 9e\u202f\u00e9tage, Montr\u00e9al Qu\u00e9bec\u202fH2Z\u202f1H2<\/strong> participants can discover job and training opportunities, while employers and trainers can connect with motivated and qualified candidates.<\/p>\n\n\n\n<p class=\"has-text-align-center has-medium-font-size\">It&#8217;s a must-attend event for human resources development stakeholders seeking to establish sustainable partnerships with First Nations and uncover new talent.<\/p>\n\n\n\n<h2 class=\"has-text-align-center wp-block-heading\" id=\"h-hybrid-format-2023\" style=\"font-size:50px;font-style:normal;font-weight:900;text-decoration:underline\">HYBRID FORMAT 2023<\/h2>\n\n\n\n<div class=\"wp-block-columns is-layout-flex wp-container-core-columns-is-layout-9d6595d7 wp-block-columns-is-layout-flex\">\n<div class=\"wp-block-column is-layout-flow wp-block-column-is-layout-flow\">\n<p class=\"has-text-align-center has-grey-200-color has-yellow-200-background-color has-text-color has-background\" style=\"font-style:normal;font-weight:800;letter-spacing:1px\"><strong>VIRTUAL EDITION<\/strong>  <strong><br>JUNE 8 2023<br>9H AM TO 5H PM<\/strong><\/p>\n<\/div>\n\n\n\n<div class=\"wp-block-column is-layout-flow wp-block-column-is-layout-flow\">\n<p class=\"has-text-align-center has-grey-200-color has-yellow-100-background-color has-text-color has-background\"><strong>HYBRID EDITION<br>JUNE 8-9 2023<br>9H AM TO 5H PM<\/strong><\/p>\n<\/div>\n\n\n\n<div class=\"wp-block-column is-layout-flow wp-block-column-is-layout-flow\">\n<p class=\"has-text-align-center has-grey-200-color has-yellow-200-background-color has-text-color has-background\"><strong>IN-PERSON EDITION<br>JUNE 9 2023<br>9H AM TO 5H PM<\/strong><\/p>\n\n\n\n<p><\/p>\n<\/div>\n<\/div>\n\n\n\n<div class=\"wp-block-columns is-layout-flex wp-container-core-columns-is-layout-9d6595d7 wp-block-columns-is-layout-flex\">\n<div class=\"wp-block-column is-layout-flow wp-block-column-is-layout-flow\"><\/div>\n\n\n\n<div class=\"wp-block-column is-layout-flow wp-block-column-is-layout-flow\"><\/div>\n\n\n\n<div class=\"wp-block-column is-layout-flow wp-block-column-is-layout-flow\">\n<p><strong><em><a href=\"https:\/\/www.google.ca\/maps\/place\/Palais+des+congr%C3%A8s+de+Montr%C3%A9al\/@45.5046839,-73.5623885,17z\/data=!3m1!5s0x4cc91a509cddd7ef:0xdae92296a0cf1a5d!4m10!1m2!2m1!1sPalais+des+Congr%C3%A8s+de+Montr%C3%A9al+159,+rue+Saint-Antoine+Ouest,+9e+%C3%A9tage,+Montr%C3%A9al,+H2Z+1H2!3m6!1s0x4cc91a5a66841509:0x6434041e124a4c53!8m2!3d45.5037432!4d-73.5610536!15sClxQYWxhaXMgZGVzIENvbmdyw6hzIGRlIE1vbnRyw6lhbCAxNTksIHJ1ZSBTYWludC1BbnRvaW5lIE91ZXN0LCA5ZSDDqXRhZ2UsIE1vbnRyw6lhbCwgSDJaIDFIMiIDiAEBkgERY29udmVudGlvbl9jZW50ZXLgAQA!16zL20vMDZfYmgz?hl=fr\" target=\"_blank\" rel=\"noreferrer noopener\">Palais des Congr\u00e8s de Montr\u00e9al 159, rue Saint-Antoine Ouest, 9e \u00e9tage, Montr\u00e9al, H2Z 1H2<\/a><\/em><\/strong><\/p>\n<\/div>\n<\/div>\n\n\n\n<div class=\"wp-block-columns is-layout-flex wp-container-core-columns-is-layout-9d6595d7 wp-block-columns-is-layout-flex\">\n<div class=\"wp-block-column is-layout-flow wp-block-column-is-layout-flow\">\n<ul class=\"wp-block-list\">\n<li><strong><em>Free booth<\/em><\/strong><\/li>\n\n\n\n<li><strong><em>Maximum of 3 people per booth<\/em><\/strong><\/li>\n\n\n\n<li><strong><em>Installation of your booth and job offers taken care of by our teams<\/em><\/strong><\/li>\n\n\n\n<li><strong><em>Live chat and video interviews on the virtual platform<\/em><\/strong><\/li>\n<\/ul>\n<\/div>\n\n\n\n<div class=\"wp-block-column is-layout-flow wp-block-column-is-layout-flow\">\n<p><strong><em>Our hybrid event for Mamu 2023 offers you an equivalent experience to both an online virtual exhibition and an in-person exhibition. You will be able to enjoy live conferences, discover top employers, and meet industry professionals both in person and online.<\/em><\/strong><\/p>\n<\/div>\n\n\n\n<div class=\"wp-block-column is-layout-flow wp-block-column-is-layout-flow\">\n<ul class=\"wp-block-list\">\n<li><strong><em>Free booth<\/em><\/strong><\/li>\n\n\n\n<li><strong><em>Maximum of 2 people per booth<\/em><\/strong><\/li>\n\n\n\n<li><strong><em>Booth setup on June 8th<\/em><\/strong><\/li>\n\n\n\n<li><strong><em>Lunch provided<\/em><\/strong><\/li>\n\n\n\n<li><strong><em>Parking at your own expense<\/em><\/strong><\/li>\n\n\n\n<li><strong><em>Booth dismantling at the end of the event<\/em><\/strong><\/li>\n<\/ul>\n<\/div>\n<\/div>\n","protected":false},"excerpt":{"rendered":"<p>The Salon Mamu! 2023 is an annual event that aims to foster opportunities and collaborations between Indigenous communities, businesses, and educational institutions. With both virtual and in-person editions, at&nbsp;Palais des Congr\u00e8s de Montr\u00e9al 159, rue Saint-Antoine Ouest, 9e\u202f\u00e9tage, Montr\u00e9al Qu\u00e9bec\u202fH2Z\u202f1H2 participants can discover job and training opportunities, while employers and trainers can connect with motivated [&hellip;]<\/p>\n","protected":false},"author":11,"featured_media":981,"parent":0,"menu_order":0,"comment_status":"closed","ping_status":"closed","template":"","meta":{"_acf_changed":false,"_themeisle_gutenberg_block_has_review":false,"footnotes":""},"class_list":["post-768","page","type-page","status-publish","has-post-thumbnail","hentry"],"acf":[],"yoast_head":"<!-- This site is optimized with the Yoast SEO Premium plugin v27.1 (Yoast SEO v27.5) - https:\/\/yoast.com\/product\/yoast-seo-premium-wordpress\/ -->\n<title>Salon Mamu! 2023 - CDRHPNQ<\/title>\n<meta name=\"robots\" content=\"index, follow, max-snippet:-1, max-image-preview:large, max-video-preview:-1\" \/>\n<link rel=\"canonical\" href=\"https:\/\/cdrhpnq-fnhrdcq.ca\/en\/salon-mamu-2023\/\" \/>\n<meta property=\"og:locale\" content=\"en_US\" \/>\n<meta property=\"og:type\" content=\"article\" \/>\n<meta property=\"og:title\" content=\"Salon Mamu! 2023\" \/>\n<meta property=\"og:description\" content=\"The Salon Mamu! 2023 is an annual event that aims to foster opportunities and collaborations between Indigenous communities, businesses, and educational institutions. With both virtual and in-person editions, at&nbsp;Palais des Congr\u00e8s de Montr\u00e9al 159, rue Saint-Antoine Ouest, 9e\u202f\u00e9tage, Montr\u00e9al Qu\u00e9bec\u202fH2Z\u202f1H2 participants can discover job and training opportunities, while employers and trainers can connect with motivated [&hellip;]\" \/>\n<meta property=\"og:url\" content=\"https:\/\/cdrhpnq-fnhrdcq.ca\/en\/salon-mamu-2023\/\" \/>\n<meta property=\"og:site_name\" content=\"CDRHPNQ\" \/>\n<meta property=\"article:publisher\" content=\"https:\/\/www.facebook.com\/cdrhpnqfnhrdcq\" \/>\n<meta property=\"article:modified_time\" content=\"2023-06-06T19:49:00+00:00\" \/>\n<meta property=\"og:image\" content=\"https:\/\/cdrhpnq-fnhrdcq.ca\/wp-content\/uploads\/2023\/05\/affiche-b-2.png\" \/>\n\t<meta property=\"og:image:width\" content=\"1620\" \/>\n\t<meta property=\"og:image:height\" content=\"840\" \/>\n\t<meta property=\"og:image:type\" content=\"image\/png\" \/>\n<meta name=\"twitter:card\" content=\"summary_large_image\" \/>\n<meta name=\"twitter:label1\" content=\"Est. reading time\" \/>\n\t<meta name=\"twitter:data1\" content=\"2 minutes\" \/>\n<!-- \/ Yoast SEO Premium plugin. -->","yoast_head_json":{"title":"Salon Mamu! 2023 - CDRHPNQ","robots":{"index":"index","follow":"follow","max-snippet":"max-snippet:-1","max-image-preview":"max-image-preview:large","max-video-preview":"max-video-preview:-1"},"canonical":"https:\/\/cdrhpnq-fnhrdcq.ca\/en\/salon-mamu-2023\/","og_locale":"en_US","og_type":"article","og_title":"Salon Mamu! 2023","og_description":"The Salon Mamu! 2023 is an annual event that aims to foster opportunities and collaborations between Indigenous communities, businesses, and educational institutions. With both virtual and in-person editions, at&nbsp;Palais des Congr\u00e8s de Montr\u00e9al 159, rue Saint-Antoine Ouest, 9e\u202f\u00e9tage, Montr\u00e9al Qu\u00e9bec\u202fH2Z\u202f1H2 participants can discover job and training opportunities, while employers and trainers can connect with motivated [&hellip;]","og_url":"https:\/\/cdrhpnq-fnhrdcq.ca\/en\/salon-mamu-2023\/","og_site_name":"CDRHPNQ","article_publisher":"https:\/\/www.facebook.com\/cdrhpnqfnhrdcq","article_modified_time":"2023-06-06T19:49:00+00:00","og_image":[{"width":1620,"height":840,"url":"https:\/\/cdrhpnq-fnhrdcq.ca\/wp-content\/uploads\/2023\/05\/affiche-b-2.png","type":"image\/png"}],"twitter_card":"summary_large_image","twitter_misc":{"Est. reading time":"2 minutes"},"schema":{"@context":"https:\/\/schema.org","@graph":[{"@type":"WebPage","@id":"https:\/\/cdrhpnq-fnhrdcq.ca\/en\/salon-mamu-2023\/","url":"https:\/\/cdrhpnq-fnhrdcq.ca\/en\/salon-mamu-2023\/","name":"Salon Mamu! 2023 - CDRHPNQ","isPartOf":{"@id":"https:\/\/cdrhpnq-fnhrdcq.ca\/#website"},"primaryImageOfPage":{"@id":"https:\/\/cdrhpnq-fnhrdcq.ca\/en\/salon-mamu-2023\/#primaryimage"},"image":{"@id":"https:\/\/cdrhpnq-fnhrdcq.ca\/en\/salon-mamu-2023\/#primaryimage"},"thumbnailUrl":"https:\/\/cdrhpnq-fnhrdcq.ca\/wp-content\/uploads\/2023\/05\/affiche-b-2.png","datePublished":"2023-04-26T22:13:01+00:00","dateModified":"2023-06-06T19:49:00+00:00","breadcrumb":{"@id":"https:\/\/cdrhpnq-fnhrdcq.ca\/en\/salon-mamu-2023\/#breadcrumb"},"inLanguage":"en-US","potentialAction":[{"@type":"ReadAction","target":["https:\/\/cdrhpnq-fnhrdcq.ca\/en\/salon-mamu-2023\/"]}]},{"@type":"ImageObject","inLanguage":"en-US","@id":"https:\/\/cdrhpnq-fnhrdcq.ca\/en\/salon-mamu-2023\/#primaryimage","url":"https:\/\/cdrhpnq-fnhrdcq.ca\/wp-content\/uploads\/2023\/05\/affiche-b-2.png","contentUrl":"https:\/\/cdrhpnq-fnhrdcq.ca\/wp-content\/uploads\/2023\/05\/affiche-b-2.png","width":1620,"height":840},{"@type":"BreadcrumbList","@id":"https:\/\/cdrhpnq-fnhrdcq.ca\/en\/salon-mamu-2023\/#breadcrumb","itemListElement":[{"@type":"ListItem","position":1,"name":"Accueil","item":"https:\/\/cdrhpnq-fnhrdcq.ca\/en\/"},{"@type":"ListItem","position":2,"name":"Salon Mamu! 2023"}]},{"@type":"WebSite","@id":"https:\/\/cdrhpnq-fnhrdcq.ca\/#website","url":"https:\/\/cdrhpnq-fnhrdcq.ca\/","name":"CDRHPNQ-FNRHPNQ","description":"","publisher":{"@id":"https:\/\/cdrhpnq-fnhrdcq.ca\/#organization"},"potentialAction":[{"@type":"SearchAction","target":{"@type":"EntryPoint","urlTemplate":"https:\/\/cdrhpnq-fnhrdcq.ca\/?s={search_term_string}"},"query-input":{"@type":"PropertyValueSpecification","valueRequired":true,"valueName":"search_term_string"}}],"inLanguage":"en-US"},{"@type":"Organization","@id":"https:\/\/cdrhpnq-fnhrdcq.ca\/#organization","name":"CDRHPNQ-FNRHPNQ","url":"https:\/\/cdrhpnq-fnhrdcq.ca\/","logo":{"@type":"ImageObject","inLanguage":"en-US","@id":"https:\/\/cdrhpnq-fnhrdcq.ca\/#\/schema\/logo\/image\/","url":"https:\/\/cdrhpnq-fnhrdcq.ca\/wp-content\/uploads\/2023\/04\/og_cdrhpnq.jpg","contentUrl":"https:\/\/cdrhpnq-fnhrdcq.ca\/wp-content\/uploads\/2023\/04\/og_cdrhpnq.jpg","width":1200,"height":630,"caption":"CDRHPNQ-FNRHPNQ"},"image":{"@id":"https:\/\/cdrhpnq-fnhrdcq.ca\/#\/schema\/logo\/image\/"},"sameAs":["https:\/\/www.facebook.com\/cdrhpnqfnhrdcq"]}]}},"_links":{"self":[{"href":"https:\/\/cdrhpnq-fnhrdcq.ca\/en\/wp-json\/wp\/v2\/pages\/768","targetHints":{"allow":["GET"]}}],"collection":[{"href":"https:\/\/cdrhpnq-fnhrdcq.ca\/en\/wp-json\/wp\/v2\/pages"}],"about":[{"href":"https:\/\/cdrhpnq-fnhrdcq.ca\/en\/wp-json\/wp\/v2\/types\/page"}],"author":[{"embeddable":true,"href":"https:\/\/cdrhpnq-fnhrdcq.ca\/en\/wp-json\/wp\/v2\/users\/11"}],"replies":[{"embeddable":true,"href":"https:\/\/cdrhpnq-fnhrdcq.ca\/en\/wp-json\/wp\/v2\/comments?post=768"}],"version-history":[{"count":2,"href":"https:\/\/cdrhpnq-fnhrdcq.ca\/en\/wp-json\/wp\/v2\/pages\/768\/revisions"}],"predecessor-version":[{"id":1704,"href":"https:\/\/cdrhpnq-fnhrdcq.ca\/en\/wp-json\/wp\/v2\/pages\/768\/revisions\/1704"}],"wp:featuredmedia":[{"embeddable":true,"href":"https:\/\/cdrhpnq-fnhrdcq.ca\/en\/wp-json\/wp\/v2\/media\/981"}],"wp:attachment":[{"href":"https:\/\/cdrhpnq-fnhrdcq.ca\/en\/wp-json\/wp\/v2\/media?parent=768"}],"curies":[{"name":"wp","href":"https:\/\/api.w.org\/{rel}","templated":true}]}}