{"id":16180,"date":"2025-01-13T09:52:33","date_gmt":"2025-01-13T14:52:33","guid":{"rendered":"https:\/\/cdrhpnq-fnhrdcq.ca\/?page_id=16180"},"modified":"2025-02-12T13:29:01","modified_gmt":"2025-02-12T18:29:01","slug":"slsj-fniregional-forum-2025","status":"publish","type":"page","link":"https:\/\/cdrhpnq-fnhrdcq.ca\/en\/slsj-fniregional-forum-2025\/","title":{"rendered":"Saguenay-Lac-Saint-Jean First Nations and Inuit Regional Forum 2025"},"content":{"rendered":"\n<section id=\"services\" class=\"wp-block-themeisle-blocks-advanced-columns alignfull has-1-columns has-desktop-equal-layout has-tablet-equal-layout has-mobile-equal-layout has-vertical-flex-start has-light-bg\"><div class=\"wp-block-themeisle-blocks-advanced-columns-overlay\"><\/div><div class=\"innerblocks-wrap\">\n<div id=\"wp-block-themeisle-blocks-advanced-column-9642dc3f\" class=\"wp-block-themeisle-blocks-advanced-column\">\n<section id=\"wp-block-themeisle-blocks-advanced-columns-62d68e08\" class=\"wp-block-themeisle-blocks-advanced-columns has-1-columns has-desktop-equal-layout has-tablet-equal-layout has-mobile-equal-layout has-vertical-flex-start\"><div class=\"wp-block-themeisle-blocks-advanced-columns-overlay\"><\/div><div class=\"innerblocks-wrap\">\n<div id=\"wp-block-themeisle-blocks-advanced-column-ba020b38\" class=\"wp-block-themeisle-blocks-advanced-column\">\n<div style=\"height:101px\" aria-hidden=\"true\" class=\"wp-block-spacer\"><\/div>\n\n\n<div class=\"wp-block-image is-style-default\">\n<figure class=\"aligncenter size-large is-resized\"><img loading=\"lazy\" decoding=\"async\" width=\"1024\" height=\"576\" src=\"https:\/\/cdrhpnq-fnhrdcq.ca\/wp-content\/uploads\/2024\/11\/forum-saguenay_display-1024x576.jpg\" alt=\"Ateliers employabilit\u00e9 \" class=\"wp-image-15058\" style=\"object-fit:cover;width:603px;height:auto\" srcset=\"https:\/\/cdrhpnq-fnhrdcq.ca\/wp-content\/uploads\/2024\/11\/forum-saguenay_display-1024x576.jpg 1024w, https:\/\/cdrhpnq-fnhrdcq.ca\/wp-content\/uploads\/2024\/11\/forum-saguenay_display-300x169.jpg 300w, https:\/\/cdrhpnq-fnhrdcq.ca\/wp-content\/uploads\/2024\/11\/forum-saguenay_display-768x432.jpg 768w, https:\/\/cdrhpnq-fnhrdcq.ca\/wp-content\/uploads\/2024\/11\/forum-saguenay_display-1536x864.jpg 1536w, https:\/\/cdrhpnq-fnhrdcq.ca\/wp-content\/uploads\/2024\/11\/forum-saguenay_display.jpg 1920w\" sizes=\"auto, (max-width: 1024px) 100vw, 1024px\" \/><\/figure><\/div>\n\n\n<div class=\"wp-block-group\"><div class=\"wp-block-group__inner-container is-layout-constrained wp-block-group-is-layout-constrained\">\n<div class=\"wp-block-group\"><div class=\"wp-block-group__inner-container is-layout-constrained wp-block-group-is-layout-constrained\">\n<div class=\"wp-block-group\"><div class=\"wp-block-group__inner-container is-layout-constrained wp-block-group-is-layout-constrained\">\n<div class=\"wp-block-buttons is-horizontal is-content-justification-center is-layout-flex wp-container-core-buttons-is-layout-499968f5 wp-block-buttons-is-layout-flex\">\n<div class=\"wp-block-button has-custom-font-size has-x-large-font-size\" style=\"font-style:normal;font-weight:900\"><a class=\"wp-block-button__link has-beige-200-color has-grey-200-background-color has-text-color has-background has-link-color wp-element-button\" style=\"border-radius:15px\"><strong>March 19\u201320, 2025<\/strong><\/a><\/div>\n<\/div>\n<\/div><\/div>\n<\/div><\/div>\n\n\n\n<div style=\"height:10px\" aria-hidden=\"true\" class=\"wp-block-spacer\"><\/div>\n\n\n\n<div id=\"wp-block-themeisle-blocks-countdown-d250a5bf\" data-date=\"2025-03-19T08:00:00\" class=\"wp-block-themeisle-blocks-countdown\"><div class=\"otter-countdown__container\"><div class=\"otter-countdown__display\"><div name=\"day\" class=\"otter-countdown__display-area is-main-component\"><div class=\"otter-countdown__value\">0<\/div><div class=\"otter-countdown__label\">Day<\/div><\/div><div name=\"hour\" class=\"otter-countdown__display-area is-main-component\"><div class=\"otter-countdown__value\">0<\/div><div class=\"otter-countdown__label\">Hour<\/div><\/div><div name=\"minute\" class=\"otter-countdown__display-area is-main-component\"><div class=\"otter-countdown__value\">0<\/div><div class=\"otter-countdown__label\">Minute<\/div><\/div><div name=\"second\" class=\"otter-countdown__display-area is-main-component\"><div class=\"otter-countdown__value\">0<\/div><div class=\"otter-countdown__label\">Second<\/div><\/div><\/div><\/div><\/div>\n<\/div><\/div>\n\n\n\n<div style=\"height:51px\" aria-hidden=\"true\" class=\"wp-block-spacer\"><\/div>\n\n\n\n<section id=\"wp-block-themeisle-blocks-advanced-columns-335a2f03\" class=\"wp-block-themeisle-blocks-advanced-columns alignfull has-1-columns has-desktop-equal-layout has-tablet-equal-layout has-mobile-equal-layout has-vertical-flex-start\"><div class=\"wp-block-themeisle-blocks-advanced-columns-overlay\"><\/div><div class=\"innerblocks-wrap\">\n<div id=\"wp-block-themeisle-blocks-advanced-column-5d90343f\" class=\"wp-block-themeisle-blocks-advanced-column\">\n<section id=\"wp-block-themeisle-blocks-advanced-columns-b2ead1d6\" class=\"wp-block-themeisle-blocks-advanced-columns has-2-columns has-desktop-equal-layout has-tablet-equal-layout has-mobile-collapsedRows-layout has-vertical-center\"><div class=\"wp-block-themeisle-blocks-advanced-columns-overlay\"><\/div><div class=\"innerblocks-wrap\">\n<div id=\"wp-block-themeisle-blocks-advanced-column-7c705a1c\" class=\"wp-block-themeisle-blocks-advanced-column\">\n<div id=\"wp-block-themeisle-blocks-advanced-heading-ea5e7576\" class=\"wp-block-themeisle-blocks-advanced-heading wp-block-themeisle-blocks-advanced-heading-ea5e7576\"><em><strong>First Nations and Inuit Forum 2025 &#8211; November 13, 2024<\/strong><\/em><\/div>\n\n\n\n<h2 class=\"wp-block-heading has-text-align-left has-grey-200-color has-text-color has-link-color wp-elements-55a65718696aa040088fc88c3b62802f\" id=\"h-forum-overview\" style=\"font-size:50px;font-style:normal;font-weight:900;line-height:1\"><strong>Forum Overview<\/strong><\/h2>\n\n\n\n<p class=\"has-grey-200-color has-text-color has-link-color has-large-font-size wp-elements-0352feb8afc3143a1f7a5bef1fe149cb\"><strong>First Nations and Inuit Regional Forum 2025: Addressing Workforce Challenges<\/strong><\/p>\n\n\n\n<p class=\"has-large-font-size\">The <em>First Nations and Inuit Regional Forum of Saguenay\u2013Lac-Saint-Jean 2025<\/em>, scheduled for <strong>March 19\u201320, 2025<\/strong>, is a must-attend event for addressing workforce challenges. This unique forum focuses on innovation and provides concrete solutions to the labor shortages impacting numerous businesses.<\/p>\n\n\n\n<p>Aligned with the mission of the <strong>First Nations Human Resources Development Commission of Quebec (FNHRDCQ)<\/strong>, the forum will offer strategic tools and tailored programs to create meaningful connections between employers seeking talent and members of the <strong>First Nations<\/strong> and <strong>Inuit<\/strong> communities looking to enter or re-enter the labor market.<\/p>\n\n\n\n<p class=\"has-grey-200-color has-text-color has-link-color has-large-font-size wp-elements-a20c5287f0123614938627bf60444256\">This forum is more than just an event; it is a space for collaboration, networking, and growth, where innovation and inclusion come together to build a promising future for all participants.<\/p>\n\n\n\n<div style=\"height:40px\" aria-hidden=\"true\" class=\"wp-block-spacer\"><\/div>\n\n\n\n<div class=\"wp-block-buttons is-layout-flex wp-block-buttons-is-layout-flex\">\n<div class=\"wp-block-button has-custom-font-size is-style-primary has-x-large-font-size\"><a class=\"wp-block-button__link has-beige-200-color has-grey-200-background-color has-text-color has-background has-link-color wp-element-button\" href=\"mailto:rlagueux@cdrhpnq.qc.ca\" style=\"border-radius:15px\"><strong>Contact us for more information.<\/strong><\/a><\/div>\n<\/div>\n<\/div>\n\n\n\n<div id=\"wp-block-themeisle-blocks-advanced-column-5f9a9ec0\" class=\"wp-block-themeisle-blocks-advanced-column\">\n<figure class=\"wp-block-image size-full is-style-rounded\"><img loading=\"lazy\" decoding=\"async\" width=\"1080\" height=\"1350\" src=\"https:\/\/cdrhpnq-fnhrdcq.ca\/wp-content\/uploads\/2024\/04\/cdrhpnq-85-1.jpg\" alt=\"Participantes au Forum Premi\u00e8res Nations 2025 Projets innovants Premi\u00e8res Nations \" class=\"wp-image-11812\" style=\"aspect-ratio:1;object-fit:cover\" srcset=\"https:\/\/cdrhpnq-fnhrdcq.ca\/wp-content\/uploads\/2024\/04\/cdrhpnq-85-1.jpg 1080w, https:\/\/cdrhpnq-fnhrdcq.ca\/wp-content\/uploads\/2024\/04\/cdrhpnq-85-1-240x300.jpg 240w, https:\/\/cdrhpnq-fnhrdcq.ca\/wp-content\/uploads\/2024\/04\/cdrhpnq-85-1-819x1024.jpg 819w, https:\/\/cdrhpnq-fnhrdcq.ca\/wp-content\/uploads\/2024\/04\/cdrhpnq-85-1-768x960.jpg 768w\" sizes=\"auto, (max-width: 1080px) 100vw, 1080px\" \/><\/figure>\n<\/div>\n<\/div><\/section>\n<\/div>\n<\/div><\/section>\n\n\n\n<div style=\"height:100px\" aria-hidden=\"true\" class=\"wp-block-spacer\"><\/div>\n\n\n\n<hr class=\"wp-block-separator has-alpha-channel-opacity is-style-wide\"\/>\n\n\n\n<section id=\"wp-block-themeisle-blocks-advanced-columns-6a24f348\" class=\"wp-block-themeisle-blocks-advanced-columns alignfull has-1-columns has-desktop-equal-layout has-tablet-equal-layout has-mobile-equal-layout has-vertical-center\"><div class=\"wp-block-themeisle-blocks-advanced-columns-overlay\"><\/div><div class=\"innerblocks-wrap\">\n<div id=\"wp-block-themeisle-blocks-advanced-column-4a61d9aa\" class=\"wp-block-themeisle-blocks-advanced-column\">\n<h2 class=\"wp-block-heading has-text-align-center has-grey-200-color has-text-color has-huge-font-size\" id=\"h-registration-is-now-open-nbsp\" style=\"font-style:normal;font-weight:700\"><strong>Registration is now open!<\/strong>&nbsp;<\/h2>\n\n\n\n<p class=\"has-text-align-left has-nv-text-dark-bg-color has-text-color\" style=\"font-size:22px\">Spaces are limited, so register quickly to take part in this essential event for First Nations and Inuit communities.<\/p>\n\n\n\n<div class=\"wp-block-buttons is-horizontal is-content-justification-center is-layout-flex wp-container-core-buttons-is-layout-499968f5 wp-block-buttons-is-layout-flex\">\n<div class=\"wp-block-button has-custom-font-size is-style-primary has-large-font-size\"><a class=\"wp-block-button__link has-beige-200-color has-grey-200-background-color has-text-color has-background has-link-color wp-element-button\" href=\"https:\/\/fr.surveymonkey.com\/r\/formulaire_forum_2025\" style=\"border-radius:16px\" target=\"_blank\" rel=\"noreferrer noopener\"><strong>Complete the registration form here.<\/strong><\/a><\/div>\n<\/div>\n\n\n\n<p class=\"has-text-align-center has-small-font-size\">*<em>Limit of two representatives per organization.<\/em><\/p>\n<\/div>\n<\/div><\/section>\n\n\n\n<div style=\"height:33px\" aria-hidden=\"true\" class=\"wp-block-spacer\"><\/div>\n\n\n\n<hr class=\"wp-block-separator has-alpha-channel-opacity is-style-wide\"\/>\n\n\n\n<div style=\"height:154px\" aria-hidden=\"true\" class=\"wp-block-spacer\"><\/div>\n\n\n\n<div id=\"wp-block-themeisle-blocks-advanced-columns-4a7ee094\" class=\"wp-block-themeisle-blocks-advanced-columns has-1-columns has-desktop-oneTwo-layout has-tablet-equal-layout has-mobile-collapsedRows-layout has-vertical-unset\"><div class=\"wp-block-themeisle-blocks-advanced-columns-overlay\"><\/div><div class=\"innerblocks-wrap\">\n<div id=\"wp-block-themeisle-blocks-advanced-column-1401f223\" class=\"wp-block-themeisle-blocks-advanced-column\">\n<h2 class=\"wp-block-heading has-grey-200-color has-text-color has-link-color wp-elements-0dde82949e01492d5df886da086541ed\" id=\"h-here-s-what-you-ll-find\" style=\"font-size:45px\">Here\u2019s what you\u2019ll find.<\/h2>\n<\/div>\n<\/div><\/div>\n\n\n\n<div id=\"wp-block-themeisle-blocks-tabs-6dd675c9\" class=\"wp-block-themeisle-blocks-tabs  is-style-border\"><div class=\"wp-block-themeisle-blocks-tabs__content\">\n<div data-title=\"<strong&gt;Activities<\/strong&gt;\" class=\"wp-block-themeisle-blocks-tabs-item\"><div class=\"wp-block-themeisle-blocks-tabs-item__header\" tabindex=\"0\"><strong>Activities<\/strong><\/div><div class=\"wp-block-themeisle-blocks-tabs-item__content\">\n<p class=\"has-grey-200-color has-text-color has-link-color wp-elements-d6f96846eec83a2b8b2f029bf74b7dea\" style=\"font-size:27px;letter-spacing:1px\">During the<strong> First Nations and Inuit Regional Forum of Saguenay\u2013Lac-Saint-Jean 2025<\/strong>, several key themes will be explored, highlighting the achievements of <strong>First Nations and Inuit<\/strong> in the labor market. Discussions will focus on:<\/p>\n\n\n\n<ul class=\"wp-block-list\">\n<li><strong>The successes of First Nations in various employment sectors.<\/strong><\/li>\n\n\n\n<li><strong>Effective collaboration between employers, stakeholders, and communities.<\/strong><\/li>\n\n\n\n<li><strong>Innovative programs and tools designed to facilitate the workforce integration of First Nations.<\/strong><\/li>\n<\/ul>\n\n\n\n<p class=\"has-grey-200-color has-text-color has-link-color wp-elements-5efc9a142e6b98226c6da48810be585f\" style=\"font-size:27px;letter-spacing:1px\">This event aims to enhance the visibility and increase employment opportunities for First Nations and Inuit members within regional businesses. By addressing these themes, the forum seeks to create a lasting impact on the regional labor market, promoting inclusion, diversity, and shared success.<\/p>\n<\/div><\/div>\n\n\n\n<div data-title=\"<strong&gt;A Look Back at the Past Year<\/strong&gt;\" class=\"wp-block-themeisle-blocks-tabs-item\"><div class=\"wp-block-themeisle-blocks-tabs-item__header\" tabindex=\"0\"><strong>A Look Back at the Past Year<\/strong><\/div><div class=\"wp-block-themeisle-blocks-tabs-item__content\">\n<figure class=\"wp-block-embed aligncenter is-type-video is-provider-youtube wp-block-embed-youtube wp-embed-aspect-16-9 wp-has-aspect-ratio\"><div class=\"wp-block-embed__wrapper\">\n<iframe loading=\"lazy\" title=\"VOXPOP au Forum Outaouais !\" width=\"500\" height=\"281\" src=\"https:\/\/www.youtube.com\/embed\/ginR5kT8jK4?start=1&#038;feature=oembed\" frameborder=\"0\" allow=\"accelerometer; autoplay; clipboard-write; encrypted-media; gyroscope; picture-in-picture; web-share\" referrerpolicy=\"strict-origin-when-cross-origin\" allowfullscreen><\/iframe>\n<\/div><\/figure>\n<\/div><\/div>\n\n\n\n<div data-title=\"Photo Gallery\" class=\"wp-block-themeisle-blocks-tabs-item\"><div class=\"wp-block-themeisle-blocks-tabs-item__header\" tabindex=\"0\">Photo Gallery<\/div><div class=\"wp-block-themeisle-blocks-tabs-item__content\">\n<figure class=\"wp-block-image size-large\"><img loading=\"lazy\" decoding=\"async\" width=\"1024\" height=\"683\" src=\"https:\/\/cdrhpnq-fnhrdcq.ca\/wp-content\/uploads\/2024\/03\/microsoftteams-image-4-1-1024x683.jpg\" alt=\"\" class=\"wp-image-11144\" srcset=\"https:\/\/cdrhpnq-fnhrdcq.ca\/wp-content\/uploads\/2024\/03\/microsoftteams-image-4-1-1024x683.jpg 1024w, https:\/\/cdrhpnq-fnhrdcq.ca\/wp-content\/uploads\/2024\/03\/microsoftteams-image-4-1-300x200.jpg 300w, https:\/\/cdrhpnq-fnhrdcq.ca\/wp-content\/uploads\/2024\/03\/microsoftteams-image-4-1-768x512.jpg 768w, https:\/\/cdrhpnq-fnhrdcq.ca\/wp-content\/uploads\/2024\/03\/microsoftteams-image-4-1-1536x1024.jpg 1536w, https:\/\/cdrhpnq-fnhrdcq.ca\/wp-content\/uploads\/2024\/03\/microsoftteams-image-4-1-2000x1333.jpg 2000w\" sizes=\"auto, (max-width: 1024px) 100vw, 1024px\" \/><\/figure>\n<\/div><\/div>\n<\/div><\/div>\n\n\n\n<div style=\"height:100px\" aria-hidden=\"true\" class=\"wp-block-spacer\"><\/div>\n\n\n<div class=\"wp-block-image\">\n<figure class=\"aligncenter is-resized\"><img loading=\"lazy\" decoding=\"async\" width=\"1067\" height=\"167\" src=\"https:\/\/cdrhpnq-fnhrdcq.ca\/wp-content\/uploads\/2023\/12\/05.png\" alt=\"Ateliers employabilit\u00e9 \" class=\"wp-image-2759\" style=\"width:236px;height:auto\" srcset=\"https:\/\/cdrhpnq-fnhrdcq.ca\/wp-content\/uploads\/2023\/12\/05.png 1067w, https:\/\/cdrhpnq-fnhrdcq.ca\/wp-content\/uploads\/2023\/12\/05-300x47.png 300w, https:\/\/cdrhpnq-fnhrdcq.ca\/wp-content\/uploads\/2023\/12\/05-1024x160.png 1024w, https:\/\/cdrhpnq-fnhrdcq.ca\/wp-content\/uploads\/2023\/12\/05-768x120.png 768w\" sizes=\"auto, (max-width: 1067px) 100vw, 1067px\" \/><\/figure><\/div>\n\n\n<div id=\"wp-block-themeisle-blocks-advanced-columns-01219de1\" class=\"wp-block-themeisle-blocks-advanced-columns alignfull has-2-columns has-desktop-equal-layout has-tablet-equal-layout has-mobile-collapsedRows-layout has-vertical-center has-light-bg\"><div class=\"wp-block-themeisle-blocks-advanced-columns-overlay\"><\/div><div class=\"innerblocks-wrap\">\n<div id=\"wp-block-themeisle-blocks-advanced-column-93eccca7\" class=\"wp-block-themeisle-blocks-advanced-column\">\n<h2 class=\"wp-block-heading has-text-align-right has-grey-200-color has-text-color has-link-color wp-elements-66ef80b7a8b74b6c860c4815697b207f\" id=\"h-dates-and-location\" style=\"font-size:50px\"><strong>Dates and Location<\/strong><\/h2>\n\n\n\n<p class=\"has-text-align-right has-large-font-size\">March 19\u201320, 2025<br>From 8:30 AM to 4:00 PM each day&nbsp;<br>Saguenay-Lac-Saint-Jean <br>(details to come)<\/p>\n\n\n\n<div id=\"wp-block-themeisle-blocks-button-group-ae6aab61\" class=\"wp-block-themeisle-blocks-button-group wp-block-buttons align-right-desktop\">\n<div id=\"wp-block-themeisle-blocks-button-0bddbd08\" class=\"wp-block-themeisle-blocks-button wp-block-button\"><a target=\"_blank\" rel=\"noopener noreferrer\" class=\"wp-block-button__link\"><span><strong>To view the location on Google Maps<\/strong><\/span><\/a><\/div>\n<\/div>\n<\/div>\n\n\n\n<div id=\"wp-block-themeisle-blocks-advanced-column-3a99d9d3\" class=\"wp-block-themeisle-blocks-advanced-column\">\n<figure class=\"wp-block-image size-full is-resized has-custom-border\"><img loading=\"lazy\" decoding=\"async\" width=\"1080\" height=\"1080\" src=\"https:\/\/cdrhpnq-fnhrdcq.ca\/wp-content\/uploads\/2024\/11\/sans-titre-2.png\" alt=\"Projets innovants Premi\u00e8res Nations D\u00e9couvrez des r\u00e9cits inspirants de membres des communaut\u00e9s qui transforment des d\u00e9fis en opportunit\u00e9s. Ces t\u00e9moignages mettent en avant des projets novateurs et des r\u00e9ussites exemplaires dans les domaines de la formation, de l\u2019entrepreneuriat et de la collaboration intercommunautaire.\" class=\"wp-image-15498\" style=\"border-style:none;border-width:0px;border-radius:0px;width:428px;height:auto\" srcset=\"https:\/\/cdrhpnq-fnhrdcq.ca\/wp-content\/uploads\/2024\/11\/sans-titre-2.png 1080w, https:\/\/cdrhpnq-fnhrdcq.ca\/wp-content\/uploads\/2024\/11\/sans-titre-2-300x300.png 300w, https:\/\/cdrhpnq-fnhrdcq.ca\/wp-content\/uploads\/2024\/11\/sans-titre-2-1024x1024.png 1024w, https:\/\/cdrhpnq-fnhrdcq.ca\/wp-content\/uploads\/2024\/11\/sans-titre-2-150x150.png 150w, https:\/\/cdrhpnq-fnhrdcq.ca\/wp-content\/uploads\/2024\/11\/sans-titre-2-768x768.png 768w\" sizes=\"auto, (max-width: 1080px) 100vw, 1080px\" \/><\/figure>\n<\/div>\n<\/div><\/div>\n\n\n\n<div id=\"wp-block-themeisle-blocks-accordion-cff6302f\" class=\"wp-block-themeisle-blocks-accordion exclusive  is-style-default\">\n<details class=\"wp-block-themeisle-blocks-accordion-item\"><summary class=\"wp-block-themeisle-blocks-accordion-item__title\"><div><strong><strong>If you can\u2019t attend in person, join us live on YouTube on the day of the event!<\/strong><\/strong><\/div><\/summary><div class=\"wp-block-themeisle-blocks-accordion-item__content\">\n<figure class=\"wp-block-embed is-type-video is-provider-youtube wp-block-embed-youtube wp-embed-aspect-16-9 wp-has-aspect-ratio\"><div class=\"wp-block-embed__wrapper\">\n<iframe loading=\"lazy\" title=\"Forum Regional Premieres Nations et Inuits Outaouais Jour 2\" width=\"500\" height=\"281\" src=\"https:\/\/www.youtube.com\/embed\/oSgFRx9x1Zs?start=2&#038;feature=oembed\" frameborder=\"0\" allow=\"accelerometer; autoplay; clipboard-write; encrypted-media; gyroscope; picture-in-picture; web-share\" referrerpolicy=\"strict-origin-when-cross-origin\" allowfullscreen><\/iframe>\n<\/div><\/figure>\n\n\n\n<p><\/p>\n<\/div><\/details>\n<\/div>\n\n\n\n<div class=\"wp-block-columns is-layout-flex wp-container-core-columns-is-layout-9d6595d7 wp-block-columns-is-layout-flex\">\n<div class=\"wp-block-column is-layout-flow wp-block-column-is-layout-flow\"><\/div>\n<\/div>\n\n\n\n<div style=\"height:11px\" aria-hidden=\"true\" class=\"wp-block-spacer\"><\/div>\n\n\n\n<section id=\"wp-block-themeisle-blocks-advanced-columns-546fa8db\" class=\"wp-block-themeisle-blocks-advanced-columns alignfull has-2-columns has-desktop-equal-layout has-tablet-equal-layout has-mobile-collapsedRows-layout has-vertical-flex-start\"><div class=\"wp-block-themeisle-blocks-advanced-columns-overlay\"><\/div><div class=\"innerblocks-wrap\">\n<div id=\"wp-block-themeisle-blocks-advanced-column-a03592cc\" class=\"wp-block-themeisle-blocks-advanced-column\">\n<h2 class=\"wp-block-heading has-text-align-left has-grey-200-color has-text-color has-link-color wp-elements-a4997bb50b9ae27c1ff25ca214e73ea9\" id=\"h-organization-and-planning\">Organization and Planning<\/h2>\n\n\n\n<p class=\"has-text-align-left has-grey-200-color has-text-color has-link-color wp-elements-6c6a05f484aa4c6dacaff1ee366773d7\">This forum, organized by the <strong>FNHRDCQ<\/strong>, aims to strengthen collaboration between communities, leaders, and partners. It provides an inclusive space where everyone can share ideas, needs, and successes, contributing to building a promising collective future.<\/p>\n<\/div>\n\n\n\n<div id=\"wp-block-themeisle-blocks-advanced-column-5b750788\" class=\"wp-block-themeisle-blocks-advanced-column\">\n<h3 class=\"wp-block-heading has-text-align-left has-grey-200-color has-text-color has-link-color wp-elements-a20f6a0d61c603eb68f889c2fb7414c6\" id=\"h-contact-and-information\">Contact and Information<\/h3>\n\n\n\n<p class=\"has-text-align-left has-grey-200-color has-text-color has-link-color wp-elements-b460dee9649dd3e43154f2266aa9ec8d\">For any questions or additional information, contact us at: \ud83d\udce7\u00a0<a href=\"mailto:rlagueux@cdrhpnq.qc.ca\"><a href=\"mailto:evenements@cdrhpnq.qc.ca\"><\/a><a target=\"_blank\" rel=\"noreferrer noopener\"><strong>evenements@cdrhpnq.qc.ca<\/strong><\/a><\/a><\/p>\n\n\n\n<h3 class=\"wp-block-heading has-grey-200-color has-text-color has-link-color wp-elements-13cc74c0a98be5f1772043bbd4d3568e\" id=\"h-stay-tuned-for-more-updates-as-the-event-approaches\">Stay tuned for more updates as the event approaches!<\/h3>\n\n\n\n<ul class=\"wp-block-social-links has-icon-color has-icon-background-color is-layout-flex wp-block-social-links-is-layout-flex\"><li style=\"color: #585858; background-color: #ece4d9; \" class=\"wp-social-link wp-social-link-facebook has-grey-200-color has-beige-200-background-color wp-block-social-link\"><a href=\"#\" class=\"wp-block-social-link-anchor\"><svg width=\"24\" height=\"24\" viewBox=\"0 0 24 24\" version=\"1.1\" xmlns=\"http:\/\/www.w3.org\/2000\/svg\" aria-hidden=\"true\" focusable=\"false\"><path d=\"M12 2C6.5 2 2 6.5 2 12c0 5 3.7 9.1 8.4 9.9v-7H7.9V12h2.5V9.8c0-2.5 1.5-3.9 3.8-3.9 1.1 0 2.2.2 2.2.2v2.5h-1.3c-1.2 0-1.6.8-1.6 1.6V12h2.8l-.4 2.9h-2.3v7C18.3 21.1 22 17 22 12c0-5.5-4.5-10-10-10z\"><\/path><\/svg><span class=\"wp-block-social-link-label screen-reader-text\">Facebook<\/span><\/a><\/li>\n\n<li style=\"color: #585858; background-color: #ece4d9; \" class=\"wp-social-link wp-social-link-twitter has-grey-200-color has-beige-200-background-color wp-block-social-link\"><a href=\"#\" class=\"wp-block-social-link-anchor\"><svg width=\"24\" height=\"24\" viewBox=\"0 0 24 24\" version=\"1.1\" xmlns=\"http:\/\/www.w3.org\/2000\/svg\" aria-hidden=\"true\" focusable=\"false\"><path d=\"M22.23,5.924c-0.736,0.326-1.527,0.547-2.357,0.646c0.847-0.508,1.498-1.312,1.804-2.27 c-0.793,0.47-1.671,0.812-2.606,0.996C18.324,4.498,17.257,4,16.077,4c-2.266,0-4.103,1.837-4.103,4.103 c0,0.322,0.036,0.635,0.106,0.935C8.67,8.867,5.647,7.234,3.623,4.751C3.27,5.357,3.067,6.062,3.067,6.814 c0,1.424,0.724,2.679,1.825,3.415c-0.673-0.021-1.305-0.206-1.859-0.513c0,0.017,0,0.034,0,0.052c0,1.988,1.414,3.647,3.292,4.023 c-0.344,0.094-0.707,0.144-1.081,0.144c-0.264,0-0.521-0.026-0.772-0.074c0.522,1.63,2.038,2.816,3.833,2.85 c-1.404,1.1-3.174,1.756-5.096,1.756c-0.331,0-0.658-0.019-0.979-0.057c1.816,1.164,3.973,1.843,6.29,1.843 c7.547,0,11.675-6.252,11.675-11.675c0-0.178-0.004-0.355-0.012-0.531C20.985,7.47,21.68,6.747,22.23,5.924z\"><\/path><\/svg><span class=\"wp-block-social-link-label screen-reader-text\">Twitter<\/span><\/a><\/li>\n\n<li style=\"color: #585858; background-color: #ece4d9; \" class=\"wp-social-link wp-social-link-instagram has-grey-200-color has-beige-200-background-color wp-block-social-link\"><a href=\"#\" class=\"wp-block-social-link-anchor\"><svg width=\"24\" height=\"24\" viewBox=\"0 0 24 24\" version=\"1.1\" xmlns=\"http:\/\/www.w3.org\/2000\/svg\" aria-hidden=\"true\" focusable=\"false\"><path d=\"M12,4.622c2.403,0,2.688,0.009,3.637,0.052c0.877,0.04,1.354,0.187,1.671,0.31c0.42,0.163,0.72,0.358,1.035,0.673 c0.315,0.315,0.51,0.615,0.673,1.035c0.123,0.317,0.27,0.794,0.31,1.671c0.043,0.949,0.052,1.234,0.052,3.637 s-0.009,2.688-0.052,3.637c-0.04,0.877-0.187,1.354-0.31,1.671c-0.163,0.42-0.358,0.72-0.673,1.035 c-0.315,0.315-0.615,0.51-1.035,0.673c-0.317,0.123-0.794,0.27-1.671,0.31c-0.949,0.043-1.233,0.052-3.637,0.052 s-2.688-0.009-3.637-0.052c-0.877-0.04-1.354-0.187-1.671-0.31c-0.42-0.163-0.72-0.358-1.035-0.673 c-0.315-0.315-0.51-0.615-0.673-1.035c-0.123-0.317-0.27-0.794-0.31-1.671C4.631,14.688,4.622,14.403,4.622,12 s0.009-2.688,0.052-3.637c0.04-0.877,0.187-1.354,0.31-1.671c0.163-0.42,0.358-0.72,0.673-1.035 c0.315-0.315,0.615-0.51,1.035-0.673c0.317-0.123,0.794-0.27,1.671-0.31C9.312,4.631,9.597,4.622,12,4.622 M12,3 C9.556,3,9.249,3.01,8.289,3.054C7.331,3.098,6.677,3.25,6.105,3.472C5.513,3.702,5.011,4.01,4.511,4.511 c-0.5,0.5-0.808,1.002-1.038,1.594C3.25,6.677,3.098,7.331,3.054,8.289C3.01,9.249,3,9.556,3,12c0,2.444,0.01,2.751,0.054,3.711 c0.044,0.958,0.196,1.612,0.418,2.185c0.23,0.592,0.538,1.094,1.038,1.594c0.5,0.5,1.002,0.808,1.594,1.038 c0.572,0.222,1.227,0.375,2.185,0.418C9.249,20.99,9.556,21,12,21s2.751-0.01,3.711-0.054c0.958-0.044,1.612-0.196,2.185-0.418 c0.592-0.23,1.094-0.538,1.594-1.038c0.5-0.5,0.808-1.002,1.038-1.594c0.222-0.572,0.375-1.227,0.418-2.185 C20.99,14.751,21,14.444,21,12s-0.01-2.751-0.054-3.711c-0.044-0.958-0.196-1.612-0.418-2.185c-0.23-0.592-0.538-1.094-1.038-1.594 c-0.5-0.5-1.002-0.808-1.594-1.038c-0.572-0.222-1.227-0.375-2.185-0.418C14.751,3.01,14.444,3,12,3L12,3z M12,7.378 c-2.552,0-4.622,2.069-4.622,4.622S9.448,16.622,12,16.622s4.622-2.069,4.622-4.622S14.552,7.378,12,7.378z M12,15 c-1.657,0-3-1.343-3-3s1.343-3,3-3s3,1.343,3,3S13.657,15,12,15z M16.804,6.116c-0.596,0-1.08,0.484-1.08,1.08 s0.484,1.08,1.08,1.08c0.596,0,1.08-0.484,1.08-1.08S17.401,6.116,16.804,6.116z\"><\/path><\/svg><span class=\"wp-block-social-link-label screen-reader-text\">Instagram<\/span><\/a><\/li>\n\n<li style=\"color: #585858; background-color: #ece4d9; \" class=\"wp-social-link wp-social-link-youtube has-grey-200-color has-beige-200-background-color wp-block-social-link\"><a href=\"#\" class=\"wp-block-social-link-anchor\"><svg width=\"24\" height=\"24\" viewBox=\"0 0 24 24\" version=\"1.1\" xmlns=\"http:\/\/www.w3.org\/2000\/svg\" aria-hidden=\"true\" focusable=\"false\"><path d=\"M21.8,8.001c0,0-0.195-1.378-0.795-1.985c-0.76-0.797-1.613-0.801-2.004-0.847c-2.799-0.202-6.997-0.202-6.997-0.202 h-0.009c0,0-4.198,0-6.997,0.202C4.608,5.216,3.756,5.22,2.995,6.016C2.395,6.623,2.2,8.001,2.2,8.001S2,9.62,2,11.238v1.517 c0,1.618,0.2,3.237,0.2,3.237s0.195,1.378,0.795,1.985c0.761,0.797,1.76,0.771,2.205,0.855c1.6,0.153,6.8,0.201,6.8,0.201 s4.203-0.006,7.001-0.209c0.391-0.047,1.243-0.051,2.004-0.847c0.6-0.607,0.795-1.985,0.795-1.985s0.2-1.618,0.2-3.237v-1.517 C22,9.62,21.8,8.001,21.8,8.001z M9.935,14.594l-0.001-5.62l5.404,2.82L9.935,14.594z\"><\/path><\/svg><span class=\"wp-block-social-link-label screen-reader-text\">YouTube<\/span><\/a><\/li><\/ul>\n<\/div>\n<\/div><\/section>\n<\/div>\n<\/div><\/section>\n<\/div>\n<\/div><\/section>\n\n\n\n<div style=\"height:0px\" aria-hidden=\"true\" class=\"wp-block-spacer\"><\/div>\n\n\n\n<div style=\"height:40px\" aria-hidden=\"true\" class=\"wp-block-spacer\"><\/div>\n\n\n\n<div id=\"wp-block-themeisle-blocks-advanced-columns-3a9117ee\" class=\"wp-block-themeisle-blocks-advanced-columns alignfull has-1-columns has-desktop-equal-layout has-tablet-equal-layout has-mobile-collapsedRows-layout has-reverse-columns-mobile has-vertical-center ticss-c00aadba animated fadeIn delay-200ms\"><div class=\"wp-block-themeisle-blocks-advanced-columns-overlay\"><\/div><div class=\"innerblocks-wrap\">\n<div id=\"wp-block-themeisle-blocks-advanced-column-3e01017c\" class=\"wp-block-themeisle-blocks-advanced-column\">\n<h1 id=\"wp-block-themeisle-blocks-advanced-heading-5d5675df\" class=\"wp-block-themeisle-blocks-advanced-heading wp-block-themeisle-blocks-advanced-heading-5d5675df\">Rejoignez-nous<\/h1>\n\n\n\n<div class=\"wp-block-buttons is-content-justification-center is-layout-flex wp-container-core-buttons-is-layout-16018d1d wp-block-buttons-is-layout-flex\">\n<div class=\"wp-block-button is-style-fill\"><a class=\"wp-block-button__link has-grey-200-background-color has-background wp-element-button\" href=\"https:\/\/www.facebook.com\/cdrhpnqfnhrdcq\/\" target=\"_blank\" rel=\"noreferrer noopener\">Notre page Facebook<\/a><\/div>\n<\/div>\n<\/div>\n<\/div><\/div>\n\n\n\n<div style=\"height:100px\" aria-hidden=\"true\" class=\"wp-block-spacer\"><\/div>\n\n\n<div class=\"aligncenter is-style-icons animated fadeIn wp-block-themeisle-blocks-sharing-icons\" id=\"wp-block-themeisle-blocks-sharing-icons-1c0444dc\"><div class=\"social-icons-wrap\"><a class=\"social-icon is-facebook\" aria-label=\"Share on Facebook\" href=\"https:\/\/www.facebook.com\/sharer\/sharer.php?u=https:\/\/cdrhpnq-fnhrdcq.ca\/en\/wp-json\/wp\/v2\/pages\/16180&#038;title=Saguenay-Lac-Saint-Jean%20First%20Nations%20and%20Inuit%20Regional%20Forum%202025\" target=\"_blank\"><svg aria-hidden=\"true\" xmlns=\"http:\/\/www.w3.org\/2000\/svg\" viewBox=\"0 0 512 512\"><!--!Font Awesome Free 6.6.0 by @fontawesome - https:\/\/fontawesome.com License - https:\/\/fontawesome.com\/license\/free Copyright 2024 Fonticons, Inc.--><path d=\"M512 256C512 114.6 397.4 0 256 0S0 114.6 0 256C0 376 82.7 476.8 194.2 504.5V334.2H141.4V256h52.8V222.3c0-87.1 39.4-127.5 125-127.5c16.2 0 44.2 3.2 55.7 6.4V172c-6-.6-16.5-1-29.6-1c-42 0-58.2 15.9-58.2 57.2V256h83.6l-14.4 78.2H287V510.1C413.8 494.8 512 386.9 512 256h0z\"\/><\/svg><span class=\"v-line\"><\/span><\/a><a class=\"social-icon is-linkedin\" aria-label=\"Share on LinkedIn\" href=\"https:\/\/www.linkedin.com\/shareArticle?mini=true&#038;url=https:\/\/cdrhpnq-fnhrdcq.ca\/en\/wp-json\/wp\/v2\/pages\/16180&#038;title=Saguenay-Lac-Saint-Jean%20First%20Nations%20and%20Inuit%20Regional%20Forum%202025\" target=\"_blank\"><svg aria-hidden=\"true\" xmlns=\"http:\/\/www.w3.org\/2000\/svg\" viewBox=\"0 0 448 512\"><!--!Font Awesome Free 6.6.0 by @fontawesome - https:\/\/fontawesome.com License - https:\/\/fontawesome.com\/license\/free Copyright 2024 Fonticons, Inc.--><path d=\"M100.3 448H7.4V148.9h92.9zM53.8 108.1C24.1 108.1 0 83.5 0 53.8a53.8 53.8 0 0 1 107.6 0c0 29.7-24.1 54.3-53.8 54.3zM447.9 448h-92.7V302.4c0-34.7-.7-79.2-48.3-79.2-48.3 0-55.7 37.7-55.7 76.7V448h-92.8V148.9h89.1v40.8h1.3c12.4-23.5 42.7-48.3 87.9-48.3 94 0 111.3 61.9 111.3 142.3V448z\"\/><\/svg><span class=\"v-line\"><\/span><\/a><a class=\"social-icon is-email\" aria-label=\"Share via Email\" href=\"mailto:?subject=Saguenay-Lac-Saint-Jean%20First%20Nations%20and%20Inuit%20Regional%20Forum%202025&#038;body=https:\/\/cdrhpnq-fnhrdcq.ca\/en\/wp-json\/wp\/v2\/pages\/16180\" target=\"_blank\"><svg aria-hidden=\"true\" xmlns=\"http:\/\/www.w3.org\/2000\/svg\" viewBox=\"0 0 512 512\"><!--!Font Awesome Free 6.6.0 by @fontawesome - https:\/\/fontawesome.com License - https:\/\/fontawesome.com\/license\/free Copyright 2024 Fonticons, Inc.--><path d=\"M48 64C21.5 64 0 85.5 0 112c0 15.1 7.1 29.3 19.2 38.4L236.8 313.6c11.4 8.5 27 8.5 38.4 0L492.8 150.4c12.1-9.1 19.2-23.3 19.2-38.4c0-26.5-21.5-48-48-48L48 64zM0 176L0 384c0 35.3 28.7 64 64 64l384 0c35.3 0 64-28.7 64-64l0-208L294.4 339.2c-22.8 17.1-54 17.1-76.8 0L0 176z\"\/><\/svg><span class=\"v-line\"><\/span><\/a><a class=\"social-icon is-comments\" aria-label=\"Leave a comment\" href=\"#respond\"><svg aria-hidden=\"true\" xmlns=\"http:\/\/www.w3.org\/2000\/svg\" viewBox=\"0 0 640 512\"><!--!Font Awesome Free 6.6.0 by @fontawesome - https:\/\/fontawesome.com License - https:\/\/fontawesome.com\/license\/free Copyright 2024 Fonticons, Inc.--><path d=\"M88.2 309.1c9.8-18.3 6.8-40.8-7.5-55.8C59.4 230.9 48 204 48 176c0-63.5 63.8-128 160-128s160 64.5 160 128s-63.8 128-160 128c-13.1 0-25.8-1.3-37.8-3.6c-10.4-2-21.2-.6-30.7 4.2c-4.1 2.1-8.3 4.1-12.6 6c-16 7.2-32.9 13.5-49.9 18c2.8-4.6 5.4-9.1 7.9-13.6c1.1-1.9 2.2-3.9 3.2-5.9zM208 352c114.9 0 208-78.8 208-176S322.9 0 208 0S0 78.8 0 176c0 41.8 17.2 80.1 45.9 110.3c-.9 1.7-1.9 3.5-2.8 5.1c-10.3 18.4-22.3 36.5-36.6 52.1c-6.6 7-8.3 17.2-4.6 25.9C5.8 378.3 14.4 384 24 384c43 0 86.5-13.3 122.7-29.7c4.8-2.2 9.6-4.5 14.2-6.8c15.1 3 30.9 4.5 47.1 4.5zM432 480c16.2 0 31.9-1.6 47.1-4.5c4.6 2.3 9.4 4.6 14.2 6.8C529.5 498.7 573 512 616 512c9.6 0 18.2-5.7 22-14.5c3.8-8.8 2-19-4.6-25.9c-14.2-15.6-26.2-33.7-36.6-52.1c-.9-1.7-1.9-3.4-2.8-5.1C622.8 384.1 640 345.8 640 304c0-94.4-87.9-171.5-198.2-175.8c4.1 15.2 6.2 31.2 6.2 47.8l0 .6c87.2 6.7 144 67.5 144 127.4c0 28-11.4 54.9-32.7 77.2c-14.3 15-17.3 37.6-7.5 55.8c1.1 2 2.2 4 3.2 5.9c2.5 4.5 5.2 9 7.9 13.6c-17-4.5-33.9-10.7-49.9-18c-4.3-1.9-8.5-3.9-12.6-6c-9.5-4.8-20.3-6.2-30.7-4.2c-12.1 2.4-24.8 3.6-37.8 3.6c-61.7 0-110-26.5-136.8-62.3c-16 5.4-32.8 9.4-50 11.8C279 439.8 350 480 432 480z\"\/><\/svg><span class=\"v-line\"><\/span><\/a><\/div><\/div><style type=\"text\/css\">#wp-block-themeisle-blocks-sharing-icons-1c0444dc {--icons-gap: 8.8px;--border-radius: 32.8px;}<\/style>\n\n<ul class=\"wp-block-latest-posts__list wp-block-latest-posts\"><li><a class=\"wp-block-latest-posts__post-title\" href=\"https:\/\/cdrhpnq-fnhrdcq.ca\/en\/30-years-action-rooted-in-who-we-are\/\">30th anniversary : 30 Years of Action, Rooted in Who We Are<\/a><\/li>\n<li><a class=\"wp-block-latest-posts__post-title\" href=\"https:\/\/cdrhpnq-fnhrdcq.ca\/en\/30th-anniversary-logos-visual-identity-fnhrdcq\/\">30th Anniversary of the FNHRDCQ | Logos and Visual Identity<\/a><\/li>\n<li><a class=\"wp-block-latest-posts__post-title\" href=\"https:\/\/cdrhpnq-fnhrdcq.ca\/en\/eng-gala-rma-2025\/\">GALA RMA 2025: An Evening of Pride, Light and Recognition<\/a><\/li>\n<li><a class=\"wp-block-latest-posts__post-title\" href=\"https:\/\/cdrhpnq-fnhrdcq.ca\/en\/international-education-day\/\">International Education Day<\/a><\/li>\n<li><a class=\"wp-block-latest-posts__post-title\" href=\"https:\/\/cdrhpnq-fnhrdcq.ca\/en\/blog-fnhrdcq\/\">Introduction to FNHRDCQ: Who Are We?\u00a0<\/a><\/li>\n<\/ul>\n\n<form role=\"search\" method=\"get\" action=\"https:\/\/cdrhpnq-fnhrdcq.ca\/en\/\" class=\"wp-block-search__button-outside wp-block-search__text-button wp-block-search\"    ><label class=\"wp-block-search__label\" for=\"wp-block-search__input-1\" >Rechercher<\/label><div class=\"wp-block-search__inside-wrapper \" ><input class=\"wp-block-search__input\" id=\"wp-block-search__input-1\" placeholder=\"\" value=\"\" type=\"search\" name=\"s\" required \/><button aria-label=\"Rechercher\" class=\"wp-block-search__button wp-element-button\" type=\"submit\" >Rechercher<\/button><\/div><\/form>","protected":false},"excerpt":{"rendered":"","protected":false},"author":11,"featured_media":15059,"parent":0,"menu_order":0,"comment_status":"closed","ping_status":"closed","template":"","meta":{"_acf_changed":false,"_themeisle_gutenberg_block_has_review":false,"footnotes":""},"class_list":["post-16180","page","type-page","status-publish","has-post-thumbnail","hentry"],"acf":[],"yoast_head":"<!-- This site is optimized with the Yoast SEO Premium plugin v27.1 (Yoast SEO v27.5) - https:\/\/yoast.com\/product\/yoast-seo-premium-wordpress\/ -->\n<title>FNRHDCQ - SLSJ First Nations and Inuit Regional Forum 2025<\/title>\n<meta name=\"description\" content=\"Forum 2025 pour des ateliers employabilit\u00e9, des conf\u00e9rences, des projets innovants des Premi\u00e8res Nations et Inuit\" \/>\n<meta name=\"robots\" content=\"index, follow, max-snippet:-1, max-image-preview:large, max-video-preview:-1\" \/>\n<link rel=\"canonical\" href=\"https:\/\/cdrhpnq-fnhrdcq.ca\/en\/slsj-fniregional-forum-2025\/\" \/>\n<meta property=\"og:locale\" content=\"en_US\" \/>\n<meta property=\"og:type\" content=\"article\" \/>\n<meta property=\"og:title\" content=\"Saguenay-Lac-Saint-Jean First Nations and Inuit Regional Forum 2025\" \/>\n<meta property=\"og:description\" content=\"Forum 2025 pour des ateliers employabilit\u00e9, des conf\u00e9rences, des projets innovants des Premi\u00e8res Nations et Inuit\" \/>\n<meta property=\"og:url\" content=\"https:\/\/cdrhpnq-fnhrdcq.ca\/en\/slsj-fniregional-forum-2025\/\" \/>\n<meta property=\"og:site_name\" content=\"CDRHPNQ\" \/>\n<meta property=\"article:publisher\" content=\"https:\/\/www.facebook.com\/cdrhpnqfnhrdcq\" \/>\n<meta property=\"article:modified_time\" content=\"2025-02-12T18:29:01+00:00\" \/>\n<meta property=\"og:image\" content=\"https:\/\/cdrhpnq-fnhrdcq.ca\/wp-content\/uploads\/2024\/11\/forum-saguenay_display.jpg\" \/>\n\t<meta property=\"og:image:width\" content=\"1920\" \/>\n\t<meta property=\"og:image:height\" content=\"1080\" \/>\n\t<meta property=\"og:image:type\" content=\"image\/jpeg\" \/>\n<meta name=\"twitter:card\" content=\"summary_large_image\" \/>\n<meta name=\"twitter:description\" content=\"Forum 2025 pour des ateliers employabilit\u00e9, des conf\u00e9rences, des projets innovants des Premi\u00e8res Nations et Inuit\" \/>\n<meta name=\"twitter:label1\" content=\"Est. reading time\" \/>\n\t<meta name=\"twitter:data1\" content=\"4 minutes\" \/>\n<!-- \/ Yoast SEO Premium plugin. -->","yoast_head_json":{"title":"FNRHDCQ - SLSJ First Nations and Inuit Regional Forum 2025","description":"Forum 2025 pour des ateliers employabilit\u00e9, des conf\u00e9rences, des projets innovants des Premi\u00e8res Nations et Inuit","robots":{"index":"index","follow":"follow","max-snippet":"max-snippet:-1","max-image-preview":"max-image-preview:large","max-video-preview":"max-video-preview:-1"},"canonical":"https:\/\/cdrhpnq-fnhrdcq.ca\/en\/slsj-fniregional-forum-2025\/","og_locale":"en_US","og_type":"article","og_title":"Saguenay-Lac-Saint-Jean First Nations and Inuit Regional Forum 2025","og_description":"Forum 2025 pour des ateliers employabilit\u00e9, des conf\u00e9rences, des projets innovants des Premi\u00e8res Nations et Inuit","og_url":"https:\/\/cdrhpnq-fnhrdcq.ca\/en\/slsj-fniregional-forum-2025\/","og_site_name":"CDRHPNQ","article_publisher":"https:\/\/www.facebook.com\/cdrhpnqfnhrdcq","article_modified_time":"2025-02-12T18:29:01+00:00","og_image":[{"width":1920,"height":1080,"url":"https:\/\/cdrhpnq-fnhrdcq.ca\/wp-content\/uploads\/2024\/11\/forum-saguenay_display.jpg","type":"image\/jpeg"}],"twitter_card":"summary_large_image","twitter_description":"Forum 2025 pour des ateliers employabilit\u00e9, des conf\u00e9rences, des projets innovants des Premi\u00e8res Nations et Inuit","twitter_misc":{"Est. reading time":"4 minutes"},"schema":{"@context":"https:\/\/schema.org","@graph":[{"@type":"WebPage","@id":"https:\/\/cdrhpnq-fnhrdcq.ca\/en\/slsj-fniregional-forum-2025\/","url":"https:\/\/cdrhpnq-fnhrdcq.ca\/en\/slsj-fniregional-forum-2025\/","name":"FNRHDCQ - SLSJ First Nations and Inuit Regional Forum 2025","isPartOf":{"@id":"https:\/\/cdrhpnq-fnhrdcq.ca\/#website"},"primaryImageOfPage":{"@id":"https:\/\/cdrhpnq-fnhrdcq.ca\/en\/slsj-fniregional-forum-2025\/#primaryimage"},"image":{"@id":"https:\/\/cdrhpnq-fnhrdcq.ca\/en\/slsj-fniregional-forum-2025\/#primaryimage"},"thumbnailUrl":"https:\/\/cdrhpnq-fnhrdcq.ca\/wp-content\/uploads\/2024\/11\/forum-saguenay_display.jpg","datePublished":"2025-01-13T14:52:33+00:00","dateModified":"2025-02-12T18:29:01+00:00","description":"Forum 2025 pour des ateliers employabilit\u00e9, des conf\u00e9rences, des projets innovants des Premi\u00e8res Nations et Inuit","breadcrumb":{"@id":"https:\/\/cdrhpnq-fnhrdcq.ca\/en\/slsj-fniregional-forum-2025\/#breadcrumb"},"inLanguage":"en-US","potentialAction":[{"@type":"ReadAction","target":["https:\/\/cdrhpnq-fnhrdcq.ca\/en\/slsj-fniregional-forum-2025\/"]}]},{"@type":"ImageObject","inLanguage":"en-US","@id":"https:\/\/cdrhpnq-fnhrdcq.ca\/en\/slsj-fniregional-forum-2025\/#primaryimage","url":"https:\/\/cdrhpnq-fnhrdcq.ca\/wp-content\/uploads\/2024\/11\/forum-saguenay_display.jpg","contentUrl":"https:\/\/cdrhpnq-fnhrdcq.ca\/wp-content\/uploads\/2024\/11\/forum-saguenay_display.jpg","width":1920,"height":1080},{"@type":"BreadcrumbList","@id":"https:\/\/cdrhpnq-fnhrdcq.ca\/en\/slsj-fniregional-forum-2025\/#breadcrumb","itemListElement":[{"@type":"ListItem","position":1,"name":"Accueil","item":"https:\/\/cdrhpnq-fnhrdcq.ca\/en\/"},{"@type":"ListItem","position":2,"name":"Saguenay-Lac-Saint-Jean First Nations and Inuit Regional Forum 2025"}]},{"@type":"WebSite","@id":"https:\/\/cdrhpnq-fnhrdcq.ca\/#website","url":"https:\/\/cdrhpnq-fnhrdcq.ca\/","name":"CDRHPNQ-FNRHPNQ","description":"","publisher":{"@id":"https:\/\/cdrhpnq-fnhrdcq.ca\/#organization"},"potentialAction":[{"@type":"SearchAction","target":{"@type":"EntryPoint","urlTemplate":"https:\/\/cdrhpnq-fnhrdcq.ca\/?s={search_term_string}"},"query-input":{"@type":"PropertyValueSpecification","valueRequired":true,"valueName":"search_term_string"}}],"inLanguage":"en-US"},{"@type":"Organization","@id":"https:\/\/cdrhpnq-fnhrdcq.ca\/#organization","name":"CDRHPNQ-FNRHPNQ","url":"https:\/\/cdrhpnq-fnhrdcq.ca\/","logo":{"@type":"ImageObject","inLanguage":"en-US","@id":"https:\/\/cdrhpnq-fnhrdcq.ca\/#\/schema\/logo\/image\/","url":"https:\/\/cdrhpnq-fnhrdcq.ca\/wp-content\/uploads\/2023\/04\/og_cdrhpnq.jpg","contentUrl":"https:\/\/cdrhpnq-fnhrdcq.ca\/wp-content\/uploads\/2023\/04\/og_cdrhpnq.jpg","width":1200,"height":630,"caption":"CDRHPNQ-FNRHPNQ"},"image":{"@id":"https:\/\/cdrhpnq-fnhrdcq.ca\/#\/schema\/logo\/image\/"},"sameAs":["https:\/\/www.facebook.com\/cdrhpnqfnhrdcq"]}]}},"_links":{"self":[{"href":"https:\/\/cdrhpnq-fnhrdcq.ca\/en\/wp-json\/wp\/v2\/pages\/16180","targetHints":{"allow":["GET"]}}],"collection":[{"href":"https:\/\/cdrhpnq-fnhrdcq.ca\/en\/wp-json\/wp\/v2\/pages"}],"about":[{"href":"https:\/\/cdrhpnq-fnhrdcq.ca\/en\/wp-json\/wp\/v2\/types\/page"}],"author":[{"embeddable":true,"href":"https:\/\/cdrhpnq-fnhrdcq.ca\/en\/wp-json\/wp\/v2\/users\/11"}],"replies":[{"embeddable":true,"href":"https:\/\/cdrhpnq-fnhrdcq.ca\/en\/wp-json\/wp\/v2\/comments?post=16180"}],"version-history":[{"count":2,"href":"https:\/\/cdrhpnq-fnhrdcq.ca\/en\/wp-json\/wp\/v2\/pages\/16180\/revisions"}],"predecessor-version":[{"id":16876,"href":"https:\/\/cdrhpnq-fnhrdcq.ca\/en\/wp-json\/wp\/v2\/pages\/16180\/revisions\/16876"}],"wp:featuredmedia":[{"embeddable":true,"href":"https:\/\/cdrhpnq-fnhrdcq.ca\/en\/wp-json\/wp\/v2\/media\/15059"}],"wp:attachment":[{"href":"https:\/\/cdrhpnq-fnhrdcq.ca\/en\/wp-json\/wp\/v2\/media?parent=16180"}],"curies":[{"name":"wp","href":"https:\/\/api.w.org\/{rel}","templated":true}]}}